{"id":8309,"date":"2022-11-10T17:42:48","date_gmt":"2022-11-10T16:42:48","guid":{"rendered":"http:\/\/chenes.adiane.eu\/loisirs-tourisme-landes-pays-basque\/"},"modified":"2022-12-21T15:35:42","modified_gmt":"2022-12-21T14:35:42","slug":"sightseeing-landes-basque-country","status":"publish","type":"page","link":"https:\/\/camping-leschenes-dax.com\/en\/sightseeing-landes-basque-country\/","title":{"rendered":"Tourisme"},"content":{"rendered":"<div class=\"fusion-fullwidth fullwidth-box fusion-builder-row-1 fusion-flex-container has-pattern-background has-mask-background fusion-parallax-none nonhundred-percent-fullwidth non-hundred-percent-height-scrolling lazyload\" style=\"--awb-background-position:center top;--awb-border-radius-top-left:0px;--awb-border-radius-top-right:0px;--awb-border-radius-bottom-right:0px;--awb-border-radius-bottom-left:0px;--awb-padding-top:70px;--awb-padding-bottom:0px;--awb-padding-top-medium:40px;--awb-padding-bottom-medium:0px;--awb-padding-top-small:20px;--awb-padding-bottom-small:0px;--awb-margin-bottom:;--awb-background-size:cover;--awb-flex-wrap:wrap;\" data-bg=\"https:\/\/camping-leschenes-dax.com\/wp-content\/uploads\/2022\/11\/page4.svg\" ><div class=\"fusion-builder-row fusion-row fusion-flex-align-items-flex-start fusion-flex-justify-content-center fusion-flex-content-wrap\" style=\"max-width:1300px;margin-left: calc(-4% \/ 2 );margin-right: calc(-4% \/ 2 );\"><div class=\"fusion-layout-column fusion_builder_column fusion-builder-column-0 fusion-flex-column\" style=\"--awb-padding-top:50px;--awb-padding-right:50px;--awb-padding-left:50px;--awb-padding-top-medium:30px;--awb-padding-right-medium:30px;--awb-padding-bottom-medium:0px;--awb-padding-left-medium:30px;--awb-padding-top-small:30px;--awb-padding-right-small:30px;--awb-padding-bottom-small:0px;--awb-padding-left-small:30px;--awb-bg-color:var(--awb-custom_color_2);--awb-bg-color-hover:var(--awb-custom_color_2);--awb-bg-size:cover;--awb-width-large:90%;--awb-margin-top-large:-150px;--awb-spacing-right-large:2.1333333333333%;--awb-margin-bottom-large:20px;--awb-spacing-left-large:2.1333333333333%;--awb-width-medium:90%;--awb-order-medium:0;--awb-margin-top-medium:-150px;--awb-spacing-right-medium:2.1333333333333%;--awb-spacing-left-medium:2.1333333333333%;--awb-width-small:100%;--awb-order-small:0;--awb-margin-top-small:-100px;--awb-spacing-right-small:1.92%;--awb-spacing-left-small:1.92%;\"><div class=\"fusion-column-wrapper fusion-column-has-shadow fusion-flex-justify-content-flex-start fusion-content-layout-column\"><div class=\"fusion-title title fusion-title-1 fusion-title-center fusion-title-text fusion-title-size-one\" style=\"--awb-margin-bottom:0px;--awb-font-size:20px;\"><div class=\"title-sep-container title-sep-container-left\"><div class=\"title-sep sep- sep-solid\" style=\"border-color:var(--awb-color3);\"><\/div><\/div><span class=\"awb-title-spacer\"><\/span><h1 class=\"fusion-title-heading title-heading-center fusion-responsive-typography-calculated\" style=\"font-family:&quot;Poppins&quot;;margin:0;text-transform:uppercase;font-size:1em;--fontSize:20;--minFontSize:20;line-height:1;\">4-star Camping les Ch\u00eanes<\/h1><span class=\"awb-title-spacer\"><\/span><div class=\"title-sep-container title-sep-container-right\"><div class=\"title-sep sep- sep-solid\" style=\"border-color:var(--awb-color3);\"><\/div><\/div><\/div><div class=\"fusion-title title fusion-title-2 fusion-title-center fusion-title-text fusion-title-size-two\" style=\"--awb-text-color:var(--awb-color7);--awb-margin-top:5px;--awb-margin-bottom:0px;\"><div class=\"title-sep-container title-sep-container-left\"><div class=\"title-sep sep- sep-solid\" style=\"border-color:var(--awb-color3);\"><\/div><\/div><span class=\"awb-title-spacer\"><\/span><h2 class=\"fusion-title-heading title-heading-center fusion-responsive-typography-calculated\" style=\"font-family:&quot;Howling wolf&quot;;font-style:normal;font-weight:400;margin:0;text-transform:none;--fontSize:38;line-height:1.1;\">Tourism<\/h2><span class=\"awb-title-spacer\"><\/span><div class=\"title-sep-container title-sep-container-right\"><div class=\"title-sep sep- sep-solid\" style=\"border-color:var(--awb-color3);\"><\/div><\/div><\/div><div class=\"fusion-image-element \" style=\"text-align:center;--awb-margin-top:5px;--awb-margin-bottom:5px;--awb-caption-title-font-family:var(--h2_typography-font-family);--awb-caption-title-font-weight:var(--h2_typography-font-weight);--awb-caption-title-font-style:var(--h2_typography-font-style);--awb-caption-title-size:var(--h2_typography-font-size);--awb-caption-title-transform:var(--h2_typography-text-transform);--awb-caption-title-line-height:var(--h2_typography-line-height);--awb-caption-title-letter-spacing:var(--h2_typography-letter-spacing);\"><span class=\" fusion-imageframe imageframe-none imageframe-1 hover-type-none\"><img decoding=\"async\" width=\"59\" height=\"24\" title=\"wave\" src=\"data:image\/svg+xml,%3Csvg%20xmlns%3D%27http%3A%2F%2Fwww.w3.org%2F2000%2Fsvg%27%20width%3D%2759%27%20height%3D%2724%27%20viewBox%3D%270%200%2059%2024%27%3E%3Crect%20width%3D%2759%27%20height%3D%2724%27%20fill-opacity%3D%220%22%2F%3E%3C%2Fsvg%3E\" data-orig-src=\"https:\/\/camping-leschenes-dax.com\/wp-content\/uploads\/2022\/10\/wave.png\" alt class=\"lazyload img-responsive wp-image-7758\"\/><\/span><\/div><div class=\"fusion-text fusion-text-1\" style=\"--awb-content-alignment:center;--awb-font-size:15px;--awb-line-height:20px;--awb-letter-spacing:1px;--awb-text-transform:uppercase;--awb-text-color:var(--awb-color6);--awb-text-font-family:&quot;Poppins&quot;;--awb-text-font-style:normal;--awb-text-font-weight:400;\"><p><strong>With the Camping les Ch\u00eanes as your starting point,<\/strong><br \/>\nexplore the Landes and Basque country all the way to the border of Spain.<\/p>\n<\/div><\/div><\/div><div class=\"fusion-layout-column fusion_builder_column fusion-builder-column-1 fusion_builder_column_2_5 2_5 fusion-flex-column fusion-animated\" style=\"--awb-bg-size:cover;--awb-width-large:40%;--awb-margin-top-large:0px;--awb-spacing-right-large:4.8%;--awb-margin-bottom-large:0px;--awb-spacing-left-large:4.8%;--awb-width-medium:53%;--awb-order-medium:1;--awb-spacing-right-medium:3.622641509434%;--awb-spacing-left-medium:3.622641509434%;--awb-width-small:100%;--awb-order-small:1;--awb-spacing-right-small:1.92%;--awb-margin-bottom-small:50px;--awb-spacing-left-small:1.92%;\" data-animationType=\"fadeInUp\" data-animationDuration=\"1.3\" data-animationOffset=\"top-into-view\"><div class=\"fusion-column-wrapper fusion-column-has-shadow fusion-flex-justify-content-flex-start fusion-content-layout-column\"><div class=\"fusion-image-element \" style=\"--awb-margin-bottom:20px;--awb-caption-overlay-color:#d3ac89;--awb-caption-title-font-family:var(--h2_typography-font-family);--awb-caption-title-font-weight:var(--h2_typography-font-weight);--awb-caption-title-font-style:var(--h2_typography-font-style);--awb-caption-title-size:var(--h2_typography-font-size);--awb-caption-title-transform:var(--h2_typography-text-transform);--awb-caption-title-line-height:var(--h2_typography-line-height);--awb-caption-title-letter-spacing:var(--h2_typography-letter-spacing);\"><span class=\" fusion-imageframe imageframe-none imageframe-2 hover-type-none\" style=\"border-radius:3px;\"><img decoding=\"async\" width=\"520\" height=\"466\" title=\"landes_40\" src=\"https:\/\/camping-leschenes-dax.com\/wp-content\/uploads\/2022\/11\/landes_40.png\" data-orig-src=\"https:\/\/camping-leschenes-dax.com\/wp-content\/uploads\/2022\/11\/landes_40.png\" alt class=\"lazyload img-responsive wp-image-7800\" srcset=\"data:image\/svg+xml,%3Csvg%20xmlns%3D%27http%3A%2F%2Fwww.w3.org%2F2000%2Fsvg%27%20width%3D%27520%27%20height%3D%27466%27%20viewBox%3D%270%200%20520%20466%27%3E%3Crect%20width%3D%27520%27%20height%3D%27466%27%20fill-opacity%3D%220%22%2F%3E%3C%2Fsvg%3E\" data-srcset=\"https:\/\/camping-leschenes-dax.com\/wp-content\/uploads\/2022\/11\/landes_40-200x179.png 200w, https:\/\/camping-leschenes-dax.com\/wp-content\/uploads\/2022\/11\/landes_40-400x358.png 400w, https:\/\/camping-leschenes-dax.com\/wp-content\/uploads\/2022\/11\/landes_40.png 520w\" data-sizes=\"auto\" data-orig-sizes=\"(max-width: 1024px) 100vw, (max-width: 640px) 100vw, 520px\" \/><\/span><\/div><\/div><\/div><div class=\"fusion-layout-column fusion_builder_column fusion-builder-column-2 fusion_builder_column_2_5 2_5 fusion-flex-column fusion-animated\" style=\"--awb-bg-size:cover;--awb-width-large:40%;--awb-margin-top-large:0px;--awb-spacing-right-large:4.8%;--awb-margin-bottom-large:0px;--awb-spacing-left-large:4.8%;--awb-width-medium:47%;--awb-order-medium:2;--awb-spacing-right-medium:4.0851063829787%;--awb-spacing-left-medium:4.0851063829787%;--awb-width-small:100%;--awb-order-small:2;--awb-spacing-right-small:1.92%;--awb-margin-bottom-small:50px;--awb-spacing-left-small:1.92%;\" data-animationType=\"fadeInUp\" data-animationDuration=\"1.3\" data-animationOffset=\"top-into-view\"><div class=\"fusion-column-wrapper fusion-column-has-shadow fusion-flex-justify-content-flex-start fusion-content-layout-column\"><div class=\"fusion-title title fusion-title-3 fusion-title-text fusion-title-size-three\" style=\"--awb-margin-bottom:10px;--awb-font-size:40px;\"><div class=\"title-sep-container title-sep-container-left fusion-no-large-visibility fusion-no-medium-visibility fusion-no-small-visibility\"><div class=\"title-sep sep- sep-solid\" style=\"border-color:var(--awb-color3);\"><\/div><\/div><span class=\"awb-title-spacer fusion-no-large-visibility fusion-no-medium-visibility fusion-no-small-visibility\"><\/span><h3 class=\"fusion-title-heading title-heading-left fusion-responsive-typography-calculated\" style=\"margin:0;text-transform:capitalize;font-size:1em;--fontSize:40;line-height:var(--awb-typography1-line-height);\">The Landes<\/h3><span class=\"awb-title-spacer\"><\/span><div class=\"title-sep-container title-sep-container-right\"><div class=\"title-sep sep- sep-solid\" style=\"border-color:var(--awb-color3);\"><\/div><\/div><\/div><div class=\"fusion-text fusion-text-2\" style=\"--awb-content-alignment:left;--awb-line-height:20px;--awb-letter-spacing:1px;--awb-text-transform:none;--awb-text-color:var(--awb-color6);--awb-text-font-family:&quot;Poppins&quot;;--awb-text-font-style:normal;--awb-text-font-weight:400;\"><p><strong>This French department has a great number of nature reserves, between the Parc Naturel des Landes de Gascogne<\/strong><em> (Landes de Gascogne Regional Nature Park)<\/em> and the fine sandy beaches of the C\u00f4te d\u2019Argent <em>(Silver Coast)<\/em>. About 30 km from Camping les Ch\u00eanes, don\u2019t miss out on the seaside towns of Soustons, Vieux-Boucau and Seignosse for a swim in the Atlantic Ocean.<\/p>\n<p>The Landes region is also well known for its gastronomy. Farm-raised ducks and chicken, Chalosse beef, white asparagus, Adour kiwi, Tursan wine and the Floc de Gascogne aperitif are all perfect examples of this area\u2019s local treasures.<\/p>\n<\/div><\/div><\/div><div class=\"fusion-layout-column fusion_builder_column fusion-builder-column-3 fusion_builder_column_2_3 2_3 fusion-flex-column fusion-animated\" style=\"--awb-padding-bottom:40px;--awb-padding-bottom-medium:40px;--awb-padding-bottom-small:40px;--awb-bg-size:cover;--awb-width-large:66.666666666667%;--awb-margin-top-large:0px;--awb-spacing-right-large:2.88%;--awb-margin-bottom-large:0px;--awb-spacing-left-large:2.88%;--awb-width-medium:86%;--awb-order-medium:3;--awb-spacing-right-medium:2.2325581395349%;--awb-margin-bottom-medium:0px;--awb-spacing-left-medium:2.2325581395349%;--awb-width-small:100%;--awb-order-small:3;--awb-spacing-right-small:1.92%;--awb-margin-bottom-small:0px;--awb-spacing-left-small:1.92%;\" data-animationType=\"fadeInUp\" data-animationDuration=\"1.3\" data-animationOffset=\"top-into-view\"><div class=\"fusion-column-wrapper fusion-column-has-shadow fusion-flex-justify-content-flex-start fusion-content-layout-column\"><div class=\"fusion-title title fusion-title-4 fusion-title-center fusion-title-text fusion-title-size-three\" style=\"--awb-margin-bottom:10px;--awb-font-size:40px;\"><div class=\"title-sep-container title-sep-container-left\"><div class=\"title-sep sep- sep-solid\" style=\"border-color:var(--awb-color3);\"><\/div><\/div><span class=\"awb-title-spacer\"><\/span><h3 class=\"fusion-title-heading title-heading-center fusion-responsive-typography-calculated\" style=\"margin:0;text-transform:capitalize;font-size:1em;--fontSize:40;line-height:0.75;\">The Pays Basque &amp; Spain<\/h3><span class=\"awb-title-spacer\"><\/span><div class=\"title-sep-container title-sep-container-right\"><div class=\"title-sep sep- sep-solid\" style=\"border-color:var(--awb-color3);\"><\/div><\/div><\/div><div class=\"fusion-text fusion-text-3 fusion-text-no-margin\" style=\"--awb-content-alignment:center;--awb-line-height:20px;--awb-letter-spacing:1px;--awb-text-transform:none;--awb-text-color:var(--awb-color6);--awb-margin-top:10px;--awb-margin-bottom:0px;--awb-text-font-family:&quot;Poppins&quot;;--awb-text-font-style:normal;--awb-text-font-weight:400;\"><p>Depuis le Camping,<strong> des excursions sont possibles au Pays Basque <\/strong><em>(\u00e0 45mn)<\/em><strong><br \/>\nou \u00e0 la fronti\u00e8re espagnole <\/strong><em>(\u00e0 1h).<\/em><\/p>\n<\/div><\/div><\/div><div class=\"fusion-layout-column fusion_builder_column fusion-builder-column-4 fusion_builder_column_2_5 2_5 fusion-flex-column fusion-animated\" style=\"--awb-bg-size:cover;--awb-width-large:40%;--awb-margin-top-large:0px;--awb-spacing-right-large:4.8%;--awb-margin-bottom-large:0px;--awb-spacing-left-large:4.8%;--awb-width-medium:50%;--awb-order-medium:4;--awb-spacing-right-medium:3.84%;--awb-spacing-left-medium:3.84%;--awb-width-small:100%;--awb-order-small:4;--awb-spacing-right-small:1.92%;--awb-margin-bottom-small:50px;--awb-spacing-left-small:1.92%;\" data-animationType=\"fadeInUp\" data-animationDuration=\"1.3\" data-animationOffset=\"top-into-view\"><div class=\"fusion-column-wrapper fusion-column-has-shadow fusion-flex-justify-content-flex-start fusion-content-layout-column\"><div class=\"fusion-text fusion-text-4\" style=\"--awb-content-alignment:justify;--awb-line-height:20px;--awb-letter-spacing:1px;--awb-text-transform:none;--awb-text-color:var(--awb-color6);--awb-text-font-family:&quot;Poppins&quot;;--awb-text-font-style:normal;--awb-text-font-weight:400;\"><p>With its own language and culture, you\u2019ll want to explore <strong>the Basque Country between the sea and the Pyrenees:<\/strong><\/p>\n<\/div><ul style=\"--awb-item-padding-top:0px;--awb-iconcolor:var(--awb-color4);--awb-textcolor:var(--awb-color6);--awb-line-height:23.8px;--awb-icon-width:23.8px;--awb-icon-height:23.8px;--awb-icon-margin:9.8px;--awb-content-margin:33.6px;\" class=\"fusion-checklist fusion-checklist-1 type-icons\"><li class=\"fusion-li-item\" style=\"\"><span class=\"icon-wrapper circle-no\"><i class=\"fusion-li-icon fa-check fas\" aria-hidden=\"true\"><\/i><\/span><div class=\"fusion-li-item-content\">\n<p><strong>Along the coast: <\/strong>Bayonne, Biarritz and Saint-Jean de Luz.<\/p>\n<\/div><\/li><li class=\"fusion-li-item\" style=\"\"><span class=\"icon-wrapper circle-no\"><i class=\"fusion-li-icon fa-check fas\" aria-hidden=\"true\"><\/i><\/span><div class=\"fusion-li-item-content\">\n<p><strong>Inland: <\/strong>typical Basque villages such as Sare, Espelette and Ainhoa.<\/p>\n<\/div><\/li><\/ul><div class=\"fusion-text fusion-text-5\" style=\"--awb-content-alignment:justify;--awb-line-height:20px;--awb-letter-spacing:1px;--awb-text-transform:none;--awb-text-color:var(--awb-color6);--awb-text-font-family:&quot;Poppins&quot;;--awb-text-font-style:normal;--awb-text-font-weight:400;\"><p>Spanish hospitality awaits you on the other side of the border in San Sebastian (Donostia in Basque) and Bilbao. Between museums, tapas bars and corridas, you\u2019ll be enchanted by Spain.<\/p>\n<\/div><div class=\"fusion-image-element fusion-no-small-visibility fusion-no-medium-visibility\" style=\"--awb-margin-bottom:20px;--awb-caption-overlay-color:#d3ac89;--awb-caption-title-font-family:var(--h2_typography-font-family);--awb-caption-title-font-weight:var(--h2_typography-font-weight);--awb-caption-title-font-style:var(--h2_typography-font-style);--awb-caption-title-size:var(--h2_typography-font-size);--awb-caption-title-transform:var(--h2_typography-text-transform);--awb-caption-title-line-height:var(--h2_typography-line-height);--awb-caption-title-letter-spacing:var(--h2_typography-letter-spacing);\"><span class=\" fusion-imageframe imageframe-none imageframe-3 hover-type-none\" style=\"border-radius:3px;\"><img decoding=\"async\" width=\"800\" height=\"550\" title=\"biarritz_64\" src=\"https:\/\/camping-leschenes-dax.com\/wp-content\/uploads\/2022\/11\/biarritz_64.jpg\" data-orig-src=\"https:\/\/camping-leschenes-dax.com\/wp-content\/uploads\/2022\/11\/biarritz_64.jpg\" alt class=\"lazyload img-responsive wp-image-7797\" srcset=\"data:image\/svg+xml,%3Csvg%20xmlns%3D%27http%3A%2F%2Fwww.w3.org%2F2000%2Fsvg%27%20width%3D%27800%27%20height%3D%27550%27%20viewBox%3D%270%200%20800%20550%27%3E%3Crect%20width%3D%27800%27%20height%3D%27550%27%20fill-opacity%3D%220%22%2F%3E%3C%2Fsvg%3E\" data-srcset=\"https:\/\/camping-leschenes-dax.com\/wp-content\/uploads\/2022\/11\/biarritz_64-200x138.jpg 200w, https:\/\/camping-leschenes-dax.com\/wp-content\/uploads\/2022\/11\/biarritz_64-400x275.jpg 400w, https:\/\/camping-leschenes-dax.com\/wp-content\/uploads\/2022\/11\/biarritz_64-600x413.jpg 600w, https:\/\/camping-leschenes-dax.com\/wp-content\/uploads\/2022\/11\/biarritz_64.jpg 800w\" data-sizes=\"auto\" data-orig-sizes=\"(max-width: 1024px) 100vw, (max-width: 640px) 100vw, 600px\" \/><\/span><\/div><\/div><\/div><div class=\"fusion-layout-column fusion_builder_column fusion-builder-column-5 fusion_builder_column_2_5 2_5 fusion-flex-column fusion-animated\" style=\"--awb-bg-size:cover;--awb-width-large:40%;--awb-margin-top-large:0px;--awb-spacing-right-large:4.8%;--awb-margin-bottom-large:0px;--awb-spacing-left-large:4.8%;--awb-width-medium:50%;--awb-order-medium:5;--awb-spacing-right-medium:3.84%;--awb-spacing-left-medium:3.84%;--awb-width-small:100%;--awb-order-small:5;--awb-spacing-right-small:1.92%;--awb-margin-bottom-small:50px;--awb-spacing-left-small:1.92%;\" data-animationType=\"fadeInUp\" data-animationDuration=\"1.3\" data-animationOffset=\"top-into-view\"><div class=\"fusion-column-wrapper fusion-column-has-shadow fusion-flex-justify-content-flex-start fusion-content-layout-column\"><div class=\"fusion-image-element \" style=\"--awb-margin-bottom:20px;--awb-caption-title-color:#ffffff;--awb-caption-overlay-color:#351b0b;--awb-caption-title-font-family:&quot;DM Sans&quot;;--awb-caption-title-font-weight:500;--awb-caption-title-font-style:normal;--awb-caption-title-size:var(--h2_typography-font-size);--awb-caption-title-transform:none;--awb-caption-title-line-height:var(--h2_typography-line-height);--awb-caption-title-letter-spacing:var(--h2_typography-letter-spacing);\"><span class=\" fusion-imageframe imageframe-none imageframe-4 hover-type-none\" style=\"border-radius:3px;\"><img decoding=\"async\" width=\"600\" height=\"800\" title=\"landes_40\" src=\"https:\/\/camping-leschenes-dax.com\/wp-content\/uploads\/2022\/11\/landes_40.jpg\" data-orig-src=\"https:\/\/camping-leschenes-dax.com\/wp-content\/uploads\/2022\/11\/landes_40.jpg\" alt class=\"lazyload img-responsive wp-image-7798\" srcset=\"data:image\/svg+xml,%3Csvg%20xmlns%3D%27http%3A%2F%2Fwww.w3.org%2F2000%2Fsvg%27%20width%3D%27600%27%20height%3D%27800%27%20viewBox%3D%270%200%20600%20800%27%3E%3Crect%20width%3D%27600%27%20height%3D%27800%27%20fill-opacity%3D%220%22%2F%3E%3C%2Fsvg%3E\" data-srcset=\"https:\/\/camping-leschenes-dax.com\/wp-content\/uploads\/2022\/11\/landes_40-200x267.jpg 200w, https:\/\/camping-leschenes-dax.com\/wp-content\/uploads\/2022\/11\/landes_40-400x533.jpg 400w, https:\/\/camping-leschenes-dax.com\/wp-content\/uploads\/2022\/11\/landes_40.jpg 600w\" data-sizes=\"auto\" data-orig-sizes=\"(max-width: 1024px) 100vw, (max-width: 640px) 100vw, 600px\" \/><\/span><\/div><\/div><\/div><\/div><\/div>\n","protected":false},"excerpt":{"rendered":"","protected":false},"author":1,"featured_media":0,"parent":0,"menu_order":0,"comment_status":"closed","ping_status":"closed","template":"100-width.php","meta":{"footnotes":""},"class_list":["post-8309","page","type-page","status-publish","hentry"],"yoast_head":"<!-- This site is optimized with the Yoast SEO plugin v26.6 - https:\/\/yoast.com\/wordpress\/plugins\/seo\/ -->\n<title>Sightseeing near Camping les Ch\u00eanes in Dax, France: Landes and Basque Country<\/title>\n<meta name=\"description\" content=\"Close to downtown Dax, the campsite is 30 km from the Landes beaches of Soustons, Vieux-Boucau or Seignosse, and 45 minutes from the Basque Country.\" \/>\n<meta name=\"robots\" content=\"index, follow, max-snippet:-1, max-image-preview:large, max-video-preview:-1\" \/>\n<link rel=\"canonical\" href=\"https:\/\/camping-leschenes-dax.com\/en\/sightseeing-landes-basque-country\/\" \/>\n<meta property=\"og:locale\" content=\"en_US\" \/>\n<meta property=\"og:type\" content=\"article\" \/>\n<meta property=\"og:title\" content=\"Sightseeing near Camping les Ch\u00eanes in Dax, France: Landes and Basque Country\" \/>\n<meta property=\"og:description\" content=\"Close to downtown Dax, the campsite is 30 km from the Landes beaches of Soustons, Vieux-Boucau or Seignosse, and 45 minutes from the Basque Country.\" \/>\n<meta property=\"og:url\" content=\"https:\/\/camping-leschenes-dax.com\/en\/sightseeing-landes-basque-country\/\" \/>\n<meta property=\"og:site_name\" content=\"Les Ch\u00eanes\" \/>\n<meta property=\"article:modified_time\" content=\"2022-12-21T14:35:42+00:00\" \/>\n<meta property=\"og:image\" content=\"https:\/\/camping-leschenes-dax.com\/wp-content\/uploads\/2026\/01\/vue-aerienne-camping-les-chenes-dax.jpg\" \/>\n\t<meta property=\"og:image:width\" content=\"1275\" \/>\n\t<meta property=\"og:image:height\" content=\"675\" \/>\n\t<meta property=\"og:image:type\" content=\"image\/jpeg\" \/>\n<meta name=\"twitter:card\" content=\"summary_large_image\" \/>\n<meta name=\"twitter:label1\" content=\"Est. reading time\" \/>\n\t<meta name=\"twitter:data1\" content=\"11 minutes\" \/>\n<script type=\"application\/ld+json\" class=\"yoast-schema-graph\">{\"@context\":\"https:\/\/schema.org\",\"@graph\":[{\"@type\":\"WebPage\",\"@id\":\"https:\/\/camping-leschenes-dax.com\/en\/sightseeing-landes-basque-country\/\",\"url\":\"https:\/\/camping-leschenes-dax.com\/en\/sightseeing-landes-basque-country\/\",\"name\":\"Sightseeing near Camping les Ch\u00eanes in Dax, France: Landes and Basque Country\",\"isPartOf\":{\"@id\":\"https:\/\/camping-leschenes-dax.com\/#website\"},\"datePublished\":\"2022-11-10T16:42:48+00:00\",\"dateModified\":\"2022-12-21T14:35:42+00:00\",\"description\":\"Close to downtown Dax, the campsite is 30 km from the Landes beaches of Soustons, Vieux-Boucau or Seignosse, and 45 minutes from the Basque Country.\",\"breadcrumb\":{\"@id\":\"https:\/\/camping-leschenes-dax.com\/en\/sightseeing-landes-basque-country\/#breadcrumb\"},\"inLanguage\":\"en-US\",\"potentialAction\":[{\"@type\":\"ReadAction\",\"target\":[\"https:\/\/camping-leschenes-dax.com\/en\/sightseeing-landes-basque-country\/\"]}]},{\"@type\":\"BreadcrumbList\",\"@id\":\"https:\/\/camping-leschenes-dax.com\/en\/sightseeing-landes-basque-country\/#breadcrumb\",\"itemListElement\":[{\"@type\":\"ListItem\",\"position\":1,\"name\":\"Accueil\",\"item\":\"https:\/\/camping-leschenes-dax.com\/en\/\"},{\"@type\":\"ListItem\",\"position\":2,\"name\":\"Tourisme\"}]},{\"@type\":\"WebSite\",\"@id\":\"https:\/\/camping-leschenes-dax.com\/#website\",\"url\":\"https:\/\/camping-leschenes-dax.com\/\",\"name\":\"Camping Les Ch\u00eanes\",\"description\":\"Camping 4 \u00e9toiles \u00e0 Dax\",\"publisher\":{\"@id\":\"https:\/\/camping-leschenes-dax.com\/#organization\"},\"alternateName\":\"Les Ch\u00eanes\",\"potentialAction\":[{\"@type\":\"SearchAction\",\"target\":{\"@type\":\"EntryPoint\",\"urlTemplate\":\"https:\/\/camping-leschenes-dax.com\/?s={search_term_string}\"},\"query-input\":{\"@type\":\"PropertyValueSpecification\",\"valueRequired\":true,\"valueName\":\"search_term_string\"}}],\"inLanguage\":\"en-US\"},{\"@type\":\"Organization\",\"@id\":\"https:\/\/camping-leschenes-dax.com\/#organization\",\"name\":\"Camping Les Ch\u00eanes\",\"alternateName\":\"Les Ch\u00eanes\",\"url\":\"https:\/\/camping-leschenes-dax.com\/\",\"logo\":{\"@type\":\"ImageObject\",\"inLanguage\":\"en-US\",\"@id\":\"https:\/\/camping-leschenes-dax.com\/#\/schema\/logo\/image\/\",\"url\":\"https:\/\/camping-leschenes-dax.com\/wp-content\/uploads\/2025\/12\/logo-camping-les-chenes-2025-04.jpg\",\"contentUrl\":\"https:\/\/camping-leschenes-dax.com\/wp-content\/uploads\/2025\/12\/logo-camping-les-chenes-2025-04.jpg\",\"width\":330,\"height\":97,\"caption\":\"Camping Les Ch\u00eanes\"},\"image\":{\"@id\":\"https:\/\/camping-leschenes-dax.com\/#\/schema\/logo\/image\/\"}}]}<\/script>\n<!-- \/ Yoast SEO plugin. -->","yoast_head_json":{"title":"Sightseeing near Camping les Ch\u00eanes in Dax, France: Landes and Basque Country","description":"Close to downtown Dax, the campsite is 30 km from the Landes beaches of Soustons, Vieux-Boucau or Seignosse, and 45 minutes from the Basque Country.","robots":{"index":"index","follow":"follow","max-snippet":"max-snippet:-1","max-image-preview":"max-image-preview:large","max-video-preview":"max-video-preview:-1"},"canonical":"https:\/\/camping-leschenes-dax.com\/en\/sightseeing-landes-basque-country\/","og_locale":"en_US","og_type":"article","og_title":"Sightseeing near Camping les Ch\u00eanes in Dax, France: Landes and Basque Country","og_description":"Close to downtown Dax, the campsite is 30 km from the Landes beaches of Soustons, Vieux-Boucau or Seignosse, and 45 minutes from the Basque Country.","og_url":"https:\/\/camping-leschenes-dax.com\/en\/sightseeing-landes-basque-country\/","og_site_name":"Les Ch\u00eanes","article_modified_time":"2022-12-21T14:35:42+00:00","og_image":[{"width":1275,"height":675,"url":"https:\/\/camping-leschenes-dax.com\/wp-content\/uploads\/2026\/01\/vue-aerienne-camping-les-chenes-dax.jpg","type":"image\/jpeg"}],"twitter_card":"summary_large_image","twitter_misc":{"Est. reading time":"11 minutes"},"schema":{"@context":"https:\/\/schema.org","@graph":[{"@type":"WebPage","@id":"https:\/\/camping-leschenes-dax.com\/en\/sightseeing-landes-basque-country\/","url":"https:\/\/camping-leschenes-dax.com\/en\/sightseeing-landes-basque-country\/","name":"Sightseeing near Camping les Ch\u00eanes in Dax, France: Landes and Basque Country","isPartOf":{"@id":"https:\/\/camping-leschenes-dax.com\/#website"},"datePublished":"2022-11-10T16:42:48+00:00","dateModified":"2022-12-21T14:35:42+00:00","description":"Close to downtown Dax, the campsite is 30 km from the Landes beaches of Soustons, Vieux-Boucau or Seignosse, and 45 minutes from the Basque Country.","breadcrumb":{"@id":"https:\/\/camping-leschenes-dax.com\/en\/sightseeing-landes-basque-country\/#breadcrumb"},"inLanguage":"en-US","potentialAction":[{"@type":"ReadAction","target":["https:\/\/camping-leschenes-dax.com\/en\/sightseeing-landes-basque-country\/"]}]},{"@type":"BreadcrumbList","@id":"https:\/\/camping-leschenes-dax.com\/en\/sightseeing-landes-basque-country\/#breadcrumb","itemListElement":[{"@type":"ListItem","position":1,"name":"Accueil","item":"https:\/\/camping-leschenes-dax.com\/en\/"},{"@type":"ListItem","position":2,"name":"Tourisme"}]},{"@type":"WebSite","@id":"https:\/\/camping-leschenes-dax.com\/#website","url":"https:\/\/camping-leschenes-dax.com\/","name":"Camping Les Ch\u00eanes","description":"Camping 4 \u00e9toiles \u00e0 Dax","publisher":{"@id":"https:\/\/camping-leschenes-dax.com\/#organization"},"alternateName":"Les Ch\u00eanes","potentialAction":[{"@type":"SearchAction","target":{"@type":"EntryPoint","urlTemplate":"https:\/\/camping-leschenes-dax.com\/?s={search_term_string}"},"query-input":{"@type":"PropertyValueSpecification","valueRequired":true,"valueName":"search_term_string"}}],"inLanguage":"en-US"},{"@type":"Organization","@id":"https:\/\/camping-leschenes-dax.com\/#organization","name":"Camping Les Ch\u00eanes","alternateName":"Les Ch\u00eanes","url":"https:\/\/camping-leschenes-dax.com\/","logo":{"@type":"ImageObject","inLanguage":"en-US","@id":"https:\/\/camping-leschenes-dax.com\/#\/schema\/logo\/image\/","url":"https:\/\/camping-leschenes-dax.com\/wp-content\/uploads\/2025\/12\/logo-camping-les-chenes-2025-04.jpg","contentUrl":"https:\/\/camping-leschenes-dax.com\/wp-content\/uploads\/2025\/12\/logo-camping-les-chenes-2025-04.jpg","width":330,"height":97,"caption":"Camping Les Ch\u00eanes"},"image":{"@id":"https:\/\/camping-leschenes-dax.com\/#\/schema\/logo\/image\/"}}]}},"_links":{"self":[{"href":"https:\/\/camping-leschenes-dax.com\/en\/wp-json\/wp\/v2\/pages\/8309","targetHints":{"allow":["GET"]}}],"collection":[{"href":"https:\/\/camping-leschenes-dax.com\/en\/wp-json\/wp\/v2\/pages"}],"about":[{"href":"https:\/\/camping-leschenes-dax.com\/en\/wp-json\/wp\/v2\/types\/page"}],"author":[{"embeddable":true,"href":"https:\/\/camping-leschenes-dax.com\/en\/wp-json\/wp\/v2\/users\/1"}],"replies":[{"embeddable":true,"href":"https:\/\/camping-leschenes-dax.com\/en\/wp-json\/wp\/v2\/comments?post=8309"}],"version-history":[{"count":2,"href":"https:\/\/camping-leschenes-dax.com\/en\/wp-json\/wp\/v2\/pages\/8309\/revisions"}],"predecessor-version":[{"id":9031,"href":"https:\/\/camping-leschenes-dax.com\/en\/wp-json\/wp\/v2\/pages\/8309\/revisions\/9031"}],"wp:attachment":[{"href":"https:\/\/camping-leschenes-dax.com\/en\/wp-json\/wp\/v2\/media?parent=8309"}],"curies":[{"name":"wp","href":"https:\/\/api.w.org\/{rel}","templated":true}]}}